{"id":276,"date":"2021-01-23T13:59:03","date_gmt":"2021-01-23T13:59:03","guid":{"rendered":"https:\/\/www.graphicsdp.com\/?page_id=276"},"modified":"2026-04-13T20:52:58","modified_gmt":"2026-04-13T20:52:58","slug":"portafolio-de-servicios","status":"publish","type":"page","link":"https:\/\/www.graphicsdp.com\/index.php\/portafolio-de-servicios\/","title":{"rendered":"Portafolio de Servicios"},"content":{"rendered":"<div class=\"et_pb_section_0 et_pb_section et_pb_fullwidth_section et_section_regular et_block_section section_has_divider et_pb_bottom_divider\">\n<div class=\"et_pb_fullwidth_slider_0 et_pb_slider et_pb_module\"><div class=\"et_pb_slides\">\n<div class=\"et_pb_slide_0 et_pb_slide et_pb_media_alignment_center et_pb_bg_layout_dark et_pb_text_align_left\" data-slide-id=\"divi\/slide-0\"><div class=\"et_pb_container\"><div class=\"et_pb_slider_container_inner\"><div class=\"et_pb_slide_description\"><h2 class=\"et_pb_slide_title\"><a href=\"https:\/\/api.whatsapp.com\/send?phone=573007700511&#038;text=Hola%2C%20necesito%20informaci%C3%B3n%20acerca%20de%3A\" target=\"on\" class=\"et_pb_slide_title_link\">\u2b50 Proyectos Recientes<\/a><\/h2><\/div><\/div><\/div><\/div>\n<\/div><\/div>\n<div class=\"et_pb_bottom_inside_divider et-no-transition\"><\/div><\/div>\n\n<div class=\"et_pb_section_1 et_pb_section et_section_regular et_block_section\">\n<div class=\"et_pb_row_0 et_pb_row et_block_row\">\n<div class=\"et_pb_column_0 et_pb_column et_pb_column_4_4 et-last-child et_block_column et_pb_css_mix_blend_mode_passthrough\">\n<div class=\"et_pb_text_0 et_pb_text et_pb_bg_layout_light et_pb_module et_block_module\"><div class=\"et_pb_text_inner\"><h1 style=\"text-align: center;\"><span style=\"color: #008080;\"><span style=\"color: #800080;\"><strong>\u2728 Mira nuestro \u00faltimo proyecto realizado \u2728<\/strong><\/span><br \/><\/span><\/h1>\n<p data-start=\"566\" data-end=\"646\" style=\"text-align: center;\"><span style=\"color: #808080;\">Calidad e instalaci\u00f3n profesional garantizada<\/span><\/p>\n<p><span style=\"color: #008080;\"><\/span><\/p>\n<\/div><\/div>\n<\/div>\n<\/div>\n<\/div>\n\n<div class=\"et_pb_section_2 et_pb_section et_pb_fullwidth_section et_section_regular et_block_section\">\n<div class=\"et_pb_fullwidth_portfolio_0 et_pb_fullwidth_portfolio et_pb_bg_layout_light et_pb_text_align_center et_pb_fullwidth_portfolio_grid clearfix et_pb_module et_grid_module\" data-auto-rotate=\"off\" data-auto-rotate-speed=\"7000\"><div class=\"et_pb_portfolio_items et_grid_module\" data-portfolio-columns=\"\"><div class=\"et_pb_fullwidth_portfolio_item_0_0 et_pb_portfolio_item et_pb_grid_item post-837 project type-project status-publish has-post-thumbnail hentry\" id=\"837\"><div class=\"et_pb_portfolio_image landscape\"><img loading=\"lazy\" decoding=\"async\" src=\"https:\/\/www.graphicsdp.com\/wp-content\/uploads\/2026\/04\/Decoracion-vehiculos-personalizados-510x382.jpg\" class=\"wp-image-838\" alt=\"Decoraci\u00f3n veh\u00edculos personalizados!\" title=\"Decoraci\u00f3n veh\u00edculos personalizados!\" width=\"510\" height=\"382\" srcset=\"https:\/\/www.graphicsdp.com\/wp-content\/uploads\/2026\/04\/Decoracion-vehiculos-personalizados.jpg 479w, https:\/\/www.graphicsdp.com\/wp-content\/uploads\/2026\/04\/Decoracion-vehiculos-personalizados-510x382.jpg 480w\" sizes=\"(max-width:479px) 479px, 100vw\" \/><div class=\"meta\"><a href=\"https:\/\/www.graphicsdp.com\/index.php\/project\/decoracion-vehiculos-personalizados\/\"><span class=\"et_overlay\" data-icon-tablet=\"\" data-icon-phone=\"\" data-icon-sticky=\"\"><\/span><h3 class=\"et_pb_module_header\">Decoraci\u00f3n veh\u00edculos personalizados!<\/h3><p class=\"post-meta\">April 13, 2026<\/p><\/a><\/div><\/div><\/div><div class=\"et_pb_fullwidth_portfolio_item_0_1 et_pb_portfolio_item et_pb_grid_item post-832 project type-project status-publish has-post-thumbnail hentry project_category-avisos project_category-avisos-en-acrilico\" id=\"832\"><div class=\"et_pb_portfolio_image landscape\"><img loading=\"lazy\" decoding=\"async\" src=\"https:\/\/www.graphicsdp.com\/wp-content\/uploads\/2026\/04\/Aviso-en-acrilico-volumetrico-con-luz-Led-de-alta-resistencia-exterior-Deleite-gastrobar-510x382.jpg\" class=\"wp-image-833\" alt=\"Aviso en acrilico volumetrico con luz Led de alta resistencia exterior! Deleite gasto bar, la Mejor gastronom\u00eda de Barranquilla!!\" title=\"Aviso en acrilico volumetrico con luz Led de alta resistencia exterior! Deleite gasto bar, la Mejor gastronom\u00eda de Barranquilla!!\" width=\"510\" height=\"382\" srcset=\"https:\/\/www.graphicsdp.com\/wp-content\/uploads\/2026\/04\/Aviso-en-acrilico-volumetrico-con-luz-Led-de-alta-resistencia-exterior-Deleite-gastrobar.jpg 479w, https:\/\/www.graphicsdp.com\/wp-content\/uploads\/2026\/04\/Aviso-en-acrilico-volumetrico-con-luz-Led-de-alta-resistencia-exterior-Deleite-gastrobar-510x382.jpg 480w\" sizes=\"(max-width:479px) 479px, 100vw\" \/><div class=\"meta\"><a href=\"https:\/\/www.graphicsdp.com\/index.php\/project\/aviso-en-acrilico-volumetrico-con-luz-led-de-alta-resistencia-exterior-deleite-gasto-bar-la-mejor-gastronomia-de-barranquilla\/\"><span class=\"et_overlay\" data-icon-tablet=\"\" data-icon-phone=\"\" data-icon-sticky=\"\"><\/span><h3 class=\"et_pb_module_header\">Aviso en acrilico volumetrico con luz Led de alta resistencia exterior! Deleite gasto bar, la Mejor gastronom\u00eda de Barranquilla!!<\/h3><p class=\"post-meta\">April 13, 2026<\/p><\/a><\/div><\/div><\/div><div class=\"et_pb_fullwidth_portfolio_item_0_2 et_pb_portfolio_item et_pb_grid_item post-829 project type-project status-publish has-post-thumbnail hentry project_category-imagen-corporativa\" id=\"829\"><div class=\"et_pb_portfolio_image landscape\"><img loading=\"lazy\" decoding=\"async\" src=\"https:\/\/www.graphicsdp.com\/wp-content\/uploads\/2026\/04\/boligrafos_materialpopbarranquilla-510x382.jpg\" class=\"wp-image-830\" alt=\"Marcamos todo tipo de material Pop y te entregamos excelente calidad!\u00a0\" title=\"Marcamos todo tipo de material Pop y te entregamos excelente calidad!\u00a0\" width=\"510\" height=\"382\" srcset=\"https:\/\/www.graphicsdp.com\/wp-content\/uploads\/2026\/04\/boligrafos_materialpopbarranquilla.jpg 479w, https:\/\/www.graphicsdp.com\/wp-content\/uploads\/2026\/04\/boligrafos_materialpopbarranquilla-510x382.jpg 480w\" sizes=\"(max-width:479px) 479px, 100vw\" \/><div class=\"meta\"><a href=\"https:\/\/www.graphicsdp.com\/index.php\/project\/marcamos-todo-tipo-de-material-pop-y-te-entregamos-excelente-calidad\/\"><span class=\"et_overlay\" data-icon-tablet=\"\" data-icon-phone=\"\" data-icon-sticky=\"\"><\/span><h3 class=\"et_pb_module_header\">Marcamos todo tipo de material Pop y te entregamos excelente calidad!\u00a0<\/h3><p class=\"post-meta\">April 13, 2026<\/p><\/a><\/div><\/div><\/div><div class=\"et_pb_fullwidth_portfolio_item_0_3 et_pb_portfolio_item et_pb_grid_item post-825 project type-project status-publish has-post-thumbnail hentry project_category-impresion-digital project_category-vinilo-adhesivo\" id=\"825\"><div class=\"et_pb_portfolio_image landscape\"><img loading=\"lazy\" decoding=\"async\" src=\"https:\/\/www.graphicsdp.com\/wp-content\/uploads\/2026\/04\/viniloadhesivobarranquilla-510x382.jpg\" class=\"wp-image-826\" alt=\"Decoraci\u00f3n de vinilo para pared interna,\" title=\"Decoraci\u00f3n de vinilo para pared interna,\" width=\"510\" height=\"382\" srcset=\"https:\/\/www.graphicsdp.com\/wp-content\/uploads\/2026\/04\/viniloadhesivobarranquilla.jpg 479w, https:\/\/www.graphicsdp.com\/wp-content\/uploads\/2026\/04\/viniloadhesivobarranquilla-510x382.jpg 480w\" sizes=\"(max-width:479px) 479px, 100vw\" \/><div class=\"meta\"><a href=\"https:\/\/www.graphicsdp.com\/index.php\/project\/decoracion-de-vinilo-para-pared-interna\/\"><span class=\"et_overlay\" data-icon-tablet=\"\" data-icon-phone=\"\" data-icon-sticky=\"\"><\/span><h3 class=\"et_pb_module_header\">Decoraci\u00f3n de vinilo para pared interna,<\/h3><p class=\"post-meta\">April 13, 2026<\/p><\/a><\/div><\/div><\/div><div class=\"et_pb_fullwidth_portfolio_item_0_4 et_pb_portfolio_item et_pb_grid_item post-821 project type-project status-publish has-post-thumbnail hentry project_category-gran-formato project_category-imagen-corporativa project_category-impresion-digital project_category-microperforados\" id=\"821\"><div class=\"et_pb_portfolio_image landscape\"><img loading=\"lazy\" decoding=\"async\" src=\"https:\/\/www.graphicsdp.com\/wp-content\/uploads\/2026\/04\/microperforadoenvidriobarranquilla2-510x382.jpg\" class=\"wp-image-823\" alt=\"Instalaci\u00f3n microperforado sobre fachada en vidrio!\" title=\"Instalaci\u00f3n microperforado sobre fachada en vidrio!\" width=\"510\" height=\"382\" srcset=\"https:\/\/www.graphicsdp.com\/wp-content\/uploads\/2026\/04\/microperforadoenvidriobarranquilla2.jpg 479w, https:\/\/www.graphicsdp.com\/wp-content\/uploads\/2026\/04\/microperforadoenvidriobarranquilla2-510x382.jpg 480w\" sizes=\"(max-width:479px) 479px, 100vw\" \/><div class=\"meta\"><a href=\"https:\/\/www.graphicsdp.com\/index.php\/project\/instalacion-microperforado-sobre-fachada-en-vidrio\/\"><span class=\"et_overlay\" data-icon-tablet=\"\" data-icon-phone=\"\" data-icon-sticky=\"\"><\/span><h3 class=\"et_pb_module_header\">Instalaci\u00f3n microperforado sobre fachada en vidrio!<\/h3><p class=\"post-meta\">April 13, 2026<\/p><\/a><\/div><\/div><\/div><div class=\"et_pb_fullwidth_portfolio_item_0_5 et_pb_portfolio_item et_pb_grid_item post-817 project type-project status-publish has-post-thumbnail hentry project_category-avisos project_category-avisos-en-acrilico project_category-rompe-traficos project_category-senalizacion\" id=\"817\"><div class=\"et_pb_portfolio_image landscape\"><img loading=\"lazy\" decoding=\"async\" src=\"https:\/\/www.graphicsdp.com\/wp-content\/uploads\/2026\/04\/stanenacrilico-510x382.jpg\" class=\"wp-image-818\" alt=\"Stand en Acrilico Nateen\" title=\"Stand en Acrilico Nateen\" width=\"510\" height=\"382\" srcset=\"https:\/\/www.graphicsdp.com\/wp-content\/uploads\/2026\/04\/stanenacrilico.jpg 479w, https:\/\/www.graphicsdp.com\/wp-content\/uploads\/2026\/04\/stanenacrilico-510x382.jpg 480w\" sizes=\"(max-width:479px) 479px, 100vw\" \/><div class=\"meta\"><a href=\"https:\/\/www.graphicsdp.com\/index.php\/project\/stand-en-acrilico-nateen\/\"><span class=\"et_overlay\" data-icon-tablet=\"\" data-icon-phone=\"\" data-icon-sticky=\"\"><\/span><h3 class=\"et_pb_module_header\">Stand en Acrilico Nateen<\/h3><p class=\"post-meta\">April 13, 2026<\/p><\/a><\/div><\/div><\/div><div class=\"et_pb_fullwidth_portfolio_item_0_6 et_pb_portfolio_item et_pb_grid_item post-813 project type-project status-publish has-post-thumbnail hentry project_category-avisos project_category-avisos-en-acrilico\" id=\"813\"><div class=\"et_pb_portfolio_image landscape\"><img loading=\"lazy\" decoding=\"async\" src=\"https:\/\/www.graphicsdp.com\/wp-content\/uploads\/2026\/04\/conjuntoresidencialguayacanes-510x382.jpg\" class=\"wp-image-814\" alt=\"Conjunto Residencial Guayacanes\" title=\"Conjunto Residencial Guayacanes\" width=\"510\" height=\"382\" srcset=\"https:\/\/www.graphicsdp.com\/wp-content\/uploads\/2026\/04\/conjuntoresidencialguayacanes.jpg 479w, https:\/\/www.graphicsdp.com\/wp-content\/uploads\/2026\/04\/conjuntoresidencialguayacanes-510x382.jpg 480w\" sizes=\"(max-width:479px) 479px, 100vw\" \/><div class=\"meta\"><a href=\"https:\/\/www.graphicsdp.com\/index.php\/project\/conjunto-residencial-guayacanes\/\"><span class=\"et_overlay\" data-icon-tablet=\"\" data-icon-phone=\"\" data-icon-sticky=\"\"><\/span><h3 class=\"et_pb_module_header\">Conjunto Residencial Guayacanes<\/h3><p class=\"post-meta\">April 13, 2026<\/p><\/a><\/div><\/div><\/div><div class=\"et_pb_fullwidth_portfolio_item_0_7 et_pb_portfolio_item et_pb_grid_item post-808 project type-project status-publish has-post-thumbnail hentry\" id=\"808\"><div class=\"et_pb_portfolio_image landscape\"><img loading=\"lazy\" decoding=\"async\" src=\"https:\/\/www.graphicsdp.com\/wp-content\/uploads\/2026\/04\/Avisos-en-acrilico-para-fachada-Quiron3-510x382.jpg\" class=\"wp-image-811\" alt=\"Avisos en acrilico para fachada Quiron\" title=\"Avisos en acrilico para fachada Quiron\" width=\"510\" height=\"382\" srcset=\"https:\/\/www.graphicsdp.com\/wp-content\/uploads\/2026\/04\/Avisos-en-acrilico-para-fachada-Quiron3.jpg 479w, https:\/\/www.graphicsdp.com\/wp-content\/uploads\/2026\/04\/Avisos-en-acrilico-para-fachada-Quiron3-510x382.jpg 480w\" sizes=\"(max-width:479px) 479px, 100vw\" \/><div class=\"meta\"><a href=\"https:\/\/www.graphicsdp.com\/index.php\/project\/avisos-en-acrilico-para-fachada-quiron\/\"><span class=\"et_overlay\" data-icon-tablet=\"\" data-icon-phone=\"\" data-icon-sticky=\"\"><\/span><h3 class=\"et_pb_module_header\">Avisos en acrilico para fachada Quiron<\/h3><p class=\"post-meta\">April 13, 2026<\/p><\/a><\/div><\/div><\/div><div class=\"et_pb_fullwidth_portfolio_item_0_8 et_pb_portfolio_item et_pb_grid_item post-804 project type-project status-publish has-post-thumbnail hentry project_category-avisos-en-acrilico\" id=\"804\"><div class=\"et_pb_portfolio_image landscape\"><img loading=\"lazy\" decoding=\"async\" src=\"https:\/\/www.graphicsdp.com\/wp-content\/uploads\/2026\/04\/Aviso-acrilico-gris-escarchado-corta-laser-profundidad-10mm-para-universidad-del-atlantico-510x382.jpg\" class=\"wp-image-805\" alt=\"Aviso acrilico gris escarchado corta l\u00e1ser, profundidad 10mm para universidad del atlantico\" title=\"Aviso acrilico gris escarchado corta l\u00e1ser, profundidad 10mm para universidad del atlantico\" width=\"510\" height=\"382\" srcset=\"https:\/\/www.graphicsdp.com\/wp-content\/uploads\/2026\/04\/Aviso-acrilico-gris-escarchado-corta-laser-profundidad-10mm-para-universidad-del-atlantico.jpg 479w, https:\/\/www.graphicsdp.com\/wp-content\/uploads\/2026\/04\/Aviso-acrilico-gris-escarchado-corta-laser-profundidad-10mm-para-universidad-del-atlantico-510x382.jpg 480w\" sizes=\"(max-width:479px) 479px, 100vw\" \/><div class=\"meta\"><a href=\"https:\/\/www.graphicsdp.com\/index.php\/project\/aviso-acrilico-gris-escarchado-corta-laser-profundidad-10mm-para-universidad-del-atlantico\/\"><span class=\"et_overlay\" data-icon-tablet=\"\" data-icon-phone=\"\" data-icon-sticky=\"\"><\/span><h3 class=\"et_pb_module_header\">Aviso acrilico gris escarchado corta l\u00e1ser, profundidad 10mm para universidad del atlantico<\/h3><p class=\"post-meta\">April 13, 2026<\/p><\/a><\/div><\/div><\/div><div class=\"et_pb_fullwidth_portfolio_item_0_9 et_pb_portfolio_item et_pb_grid_item post-799 project type-project status-publish has-post-thumbnail hentry\" id=\"799\"><div class=\"et_pb_portfolio_image landscape\"><img loading=\"lazy\" decoding=\"async\" src=\"https:\/\/www.graphicsdp.com\/wp-content\/uploads\/2026\/04\/avista_avisoenacrilico-510x382.jpg\" class=\"wp-image-802\" alt=\"Avista , aviso en acrilico, microperforado, esmerilados\" title=\"Avista , aviso en acrilico, microperforado, esmerilados\" width=\"510\" height=\"382\" srcset=\"https:\/\/www.graphicsdp.com\/wp-content\/uploads\/2026\/04\/avista_avisoenacrilico.jpg 479w, https:\/\/www.graphicsdp.com\/wp-content\/uploads\/2026\/04\/avista_avisoenacrilico-510x382.jpg 480w\" sizes=\"(max-width:479px) 479px, 100vw\" \/><div class=\"meta\"><a href=\"https:\/\/www.graphicsdp.com\/index.php\/project\/avista-aviso-en-acrilico-microperforado-esmerilados\/\"><span class=\"et_overlay\" data-icon-tablet=\"\" data-icon-phone=\"\" data-icon-sticky=\"\"><\/span><h3 class=\"et_pb_module_header\">Avista , aviso en acrilico, microperforado, esmerilados<\/h3><p class=\"post-meta\">April 13, 2026<\/p><\/a><\/div><\/div><\/div><div class=\"et_pb_fullwidth_portfolio_item_0_10 et_pb_portfolio_item et_pb_grid_item post-796 project type-project status-publish has-post-thumbnail hentry project_category-imagen-corporativa\" id=\"796\"><div class=\"et_pb_portfolio_image landscape\"><img loading=\"lazy\" decoding=\"async\" src=\"https:\/\/www.graphicsdp.com\/wp-content\/uploads\/2026\/04\/obsequiospublicitarios-510x382.jpg\" class=\"wp-image-797\" alt=\"Elaboramos todo tipo de obsequios publicitarios para tus mejores clientes,\" title=\"Elaboramos todo tipo de obsequios publicitarios para tus mejores clientes,\" width=\"510\" height=\"382\" srcset=\"https:\/\/www.graphicsdp.com\/wp-content\/uploads\/2026\/04\/obsequiospublicitarios.jpg 479w, https:\/\/www.graphicsdp.com\/wp-content\/uploads\/2026\/04\/obsequiospublicitarios-510x382.jpg 480w\" sizes=\"(max-width:479px) 479px, 100vw\" \/><div class=\"meta\"><a href=\"https:\/\/www.graphicsdp.com\/index.php\/project\/elaboramos-todo-tipo-de-obsequios-publicitarios-para-tus-mejores-clientes\/\"><span class=\"et_overlay\" data-icon-tablet=\"\" data-icon-phone=\"\" data-icon-sticky=\"\"><\/span><h3 class=\"et_pb_module_header\">Elaboramos todo tipo de obsequios publicitarios para tus mejores clientes,<\/h3><p class=\"post-meta\">April 13, 2026<\/p><\/a><\/div><\/div><\/div><div class=\"et_pb_fullwidth_portfolio_item_0_11 et_pb_portfolio_item et_pb_grid_item post-747 project type-project status-publish has-post-thumbnail hentry project_category-senalizacion\" id=\"747\"><div class=\"et_pb_portfolio_image landscape\"><img loading=\"lazy\" decoding=\"async\" src=\"https:\/\/www.graphicsdp.com\/wp-content\/uploads\/2026\/04\/senalizacionacrilico_graphicsdp.com_-510x382.jpg\" class=\"wp-image-749\" alt=\"Se\u00f1ales en acrilico cortado en l\u00e1ser, fondo en gris escarchado, se\u00f1ales impresionantes para tu conjunto residencial!\" title=\"Se\u00f1ales en acrilico cortado en l\u00e1ser, fondo en gris escarchado, se\u00f1ales impresionantes para tu conjunto residencial!\" width=\"510\" height=\"382\" srcset=\"https:\/\/www.graphicsdp.com\/wp-content\/uploads\/2026\/04\/senalizacionacrilico_graphicsdp.com_.jpg 479w, https:\/\/www.graphicsdp.com\/wp-content\/uploads\/2026\/04\/senalizacionacrilico_graphicsdp.com_-510x382.jpg 480w\" sizes=\"(max-width:479px) 479px, 100vw\" \/><div class=\"meta\"><a href=\"https:\/\/www.graphicsdp.com\/index.php\/project\/senales-en-acrilico-cortado-en-laser-fondo-en-gris-escarchado-senales-impresionantes-para-tu-conjunto-residencial\/\"><span class=\"et_overlay\" data-icon-tablet=\"\" data-icon-phone=\"\" data-icon-sticky=\"\"><\/span><h3 class=\"et_pb_module_header\">Se\u00f1ales en acrilico cortado en l\u00e1ser, fondo en gris escarchado, se\u00f1ales impresionantes para tu conjunto residencial!<\/h3><p class=\"post-meta\">April 13, 2026<\/p><\/a><\/div><\/div><\/div><div class=\"et_pb_fullwidth_portfolio_item_0_12 et_pb_portfolio_item et_pb_grid_item post-744 project type-project status-publish has-post-thumbnail hentry project_category-imagen-corporativa\" id=\"744\"><div class=\"et_pb_portfolio_image landscape\"><img loading=\"lazy\" decoding=\"async\" src=\"https:\/\/www.graphicsdp.com\/wp-content\/uploads\/2026\/04\/portafoliosacabadosmate-510x382.jpg\" class=\"wp-image-745\" alt=\"Portafolios exclusivos para tu empresa, acabado mate\" title=\"Portafolios exclusivos para tu empresa, acabado mate\" width=\"510\" height=\"382\" srcset=\"https:\/\/www.graphicsdp.com\/wp-content\/uploads\/2026\/04\/portafoliosacabadosmate.jpg 479w, https:\/\/www.graphicsdp.com\/wp-content\/uploads\/2026\/04\/portafoliosacabadosmate-510x382.jpg 480w\" sizes=\"(max-width:479px) 479px, 100vw\" \/><div class=\"meta\"><a href=\"https:\/\/www.graphicsdp.com\/index.php\/project\/portafolios-exclusivos-para-tu-empresa-acabado-mate\/\"><span class=\"et_overlay\" data-icon-tablet=\"\" data-icon-phone=\"\" data-icon-sticky=\"\"><\/span><h3 class=\"et_pb_module_header\">Portafolios exclusivos para tu empresa, acabado mate<\/h3><p class=\"post-meta\">April 13, 2026<\/p><\/a><\/div><\/div><\/div><div class=\"et_pb_fullwidth_portfolio_item_0_13 et_pb_portfolio_item et_pb_grid_item post-737 project type-project status-publish has-post-thumbnail hentry project_category-avisos-en-acrilico project_category-gran-formato project_category-imagen-corporativa project_category-impresion-digital project_category-senalizacion project_category-vinilo-adhesivo\" id=\"737\"><div class=\"et_pb_portfolio_image landscape\"><img loading=\"lazy\" decoding=\"async\" src=\"https:\/\/www.graphicsdp.com\/wp-content\/uploads\/2026\/04\/Decoracion-y-acabados-en-acrilico-para-fachada-cafe-bleu-alianza-francesa-510x382.jpg\" class=\"wp-image-738\" alt=\"Decoraci\u00f3n y acabados en acrilico para fachada caf\u00e9 bleu, alianza francesa\" title=\"Decoraci\u00f3n y acabados en acrilico para fachada caf\u00e9 bleu, alianza francesa\" width=\"510\" height=\"382\" srcset=\"https:\/\/www.graphicsdp.com\/wp-content\/uploads\/2026\/04\/Decoracion-y-acabados-en-acrilico-para-fachada-cafe-bleu-alianza-francesa.jpg 479w, https:\/\/www.graphicsdp.com\/wp-content\/uploads\/2026\/04\/Decoracion-y-acabados-en-acrilico-para-fachada-cafe-bleu-alianza-francesa-510x382.jpg 480w\" sizes=\"(max-width:479px) 479px, 100vw\" \/><div class=\"meta\"><a href=\"https:\/\/www.graphicsdp.com\/index.php\/project\/decoracion-y-acabados-en-acrilico-para-fachada-cafe-bleu-alianza-francesa\/\"><span class=\"et_overlay\" data-icon-tablet=\"\" data-icon-phone=\"\" data-icon-sticky=\"\"><\/span><h3 class=\"et_pb_module_header\">Decoraci\u00f3n y acabados en acrilico para fachada caf\u00e9 bleu, alianza francesa<\/h3><p class=\"post-meta\">April 13, 2026<\/p><\/a><\/div><\/div><\/div><div class=\"et_pb_fullwidth_portfolio_item_0_14 et_pb_portfolio_item et_pb_grid_item post-732 project type-project status-publish has-post-thumbnail hentry project_category-gran-formato project_category-imagen-corporativa project_category-impresion-digital project_category-microperforados\" id=\"732\"><div class=\"et_pb_portfolio_image landscape\"><img loading=\"lazy\" decoding=\"async\" src=\"https:\/\/www.graphicsdp.com\/wp-content\/uploads\/2026\/04\/microperforado_graphicsdp.com_-510x382.jpg\" class=\"wp-image-733\" alt=\"Dise\u00f1o, impresi\u00f3n e instalaci\u00f3n de microperforado para fachada\" title=\"Dise\u00f1o, impresi\u00f3n e instalaci\u00f3n de microperforado para fachada\" width=\"510\" height=\"382\" srcset=\"https:\/\/www.graphicsdp.com\/wp-content\/uploads\/2026\/04\/microperforado_graphicsdp.com_.jpg 479w, https:\/\/www.graphicsdp.com\/wp-content\/uploads\/2026\/04\/microperforado_graphicsdp.com_-510x382.jpg 480w\" sizes=\"(max-width:479px) 479px, 100vw\" \/><div class=\"meta\"><a href=\"https:\/\/www.graphicsdp.com\/index.php\/project\/diseno-impresion-e-instalacion-de-microperforado-para-fachada\/\"><span class=\"et_overlay\" data-icon-tablet=\"\" data-icon-phone=\"\" data-icon-sticky=\"\"><\/span><h3 class=\"et_pb_module_header\">Dise\u00f1o, impresi\u00f3n e instalaci\u00f3n de microperforado para fachada<\/h3><p class=\"post-meta\">April 13, 2026<\/p><\/a><\/div><\/div><\/div><div class=\"et_pb_fullwidth_portfolio_item_0_15 et_pb_portfolio_item et_pb_grid_item post-727 project type-project status-publish has-post-thumbnail hentry\" id=\"727\"><div class=\"et_pb_portfolio_image landscape\"><img loading=\"lazy\" decoding=\"async\" src=\"https:\/\/www.graphicsdp.com\/wp-content\/uploads\/2026\/04\/Diseno-impresion-e-instalacion-de-adhesivo-y-avisos-sobre-fachada-Menester-restaurante3-510x382.jpg\" class=\"wp-image-730\" alt=\"Dise\u00f1o, impresi\u00f3n e instalaci\u00f3n de adhesivo y avisos sobre fachada Menester restaurante\" title=\"Dise\u00f1o, impresi\u00f3n e instalaci\u00f3n de adhesivo y avisos sobre fachada Menester restaurante\" width=\"510\" height=\"382\" srcset=\"https:\/\/www.graphicsdp.com\/wp-content\/uploads\/2026\/04\/Diseno-impresion-e-instalacion-de-adhesivo-y-avisos-sobre-fachada-Menester-restaurante3.jpg 479w, https:\/\/www.graphicsdp.com\/wp-content\/uploads\/2026\/04\/Diseno-impresion-e-instalacion-de-adhesivo-y-avisos-sobre-fachada-Menester-restaurante3-510x382.jpg 480w\" sizes=\"(max-width:479px) 479px, 100vw\" \/><div class=\"meta\"><a href=\"https:\/\/www.graphicsdp.com\/index.php\/project\/diseno-impresion-e-instalacion-de-adhesivo-y-avisos-sobre-fachada-menester-restaurante\/\"><span class=\"et_overlay\" data-icon-tablet=\"\" data-icon-phone=\"\" data-icon-sticky=\"\"><\/span><h3 class=\"et_pb_module_header\">Dise\u00f1o, impresi\u00f3n e instalaci\u00f3n de adhesivo y avisos sobre fachada Menester restaurante<\/h3><p class=\"post-meta\">April 13, 2026<\/p><\/a><\/div><\/div><\/div><div class=\"et_pb_fullwidth_portfolio_item_0_16 et_pb_portfolio_item et_pb_grid_item post-720 project type-project status-publish has-post-thumbnail hentry project_category-gran-formato project_category-imagen-corporativa project_category-vinilo-adhesivo\" id=\"720\"><div class=\"et_pb_portfolio_image landscape\"><img loading=\"lazy\" decoding=\"async\" src=\"https:\/\/www.graphicsdp.com\/wp-content\/uploads\/2026\/04\/decoraciondivisionesinternas_graphicsdp.com2_-510x382.jpg\" class=\"wp-image-722\" alt=\"Decoraci\u00f3n de divisiones internas, estilo chic centro comercial nuestro atl\u00e1ntico.\" title=\"Decoraci\u00f3n de divisiones internas, estilo chic centro comercial nuestro atl\u00e1ntico.\" width=\"510\" height=\"382\" srcset=\"https:\/\/www.graphicsdp.com\/wp-content\/uploads\/2026\/04\/decoraciondivisionesinternas_graphicsdp.com2_.jpg 479w, https:\/\/www.graphicsdp.com\/wp-content\/uploads\/2026\/04\/decoraciondivisionesinternas_graphicsdp.com2_-510x382.jpg 480w\" sizes=\"(max-width:479px) 479px, 100vw\" \/><div class=\"meta\"><a href=\"https:\/\/www.graphicsdp.com\/index.php\/project\/decoracion-de-divisiones-internas-estilo-chic-centro-comercial-nuestro-atlantico\/\"><span class=\"et_overlay\" data-icon-tablet=\"\" data-icon-phone=\"\" data-icon-sticky=\"\"><\/span><h3 class=\"et_pb_module_header\">Decoraci\u00f3n de divisiones internas, estilo chic centro comercial nuestro atl\u00e1ntico.<\/h3><p class=\"post-meta\">April 13, 2026<\/p><\/a><\/div><\/div><\/div><div class=\"et_pb_fullwidth_portfolio_item_0_17 et_pb_portfolio_item et_pb_grid_item post-714 project type-project status-publish has-post-thumbnail hentry project_category-gran-formato project_category-impresion-digital\" id=\"714\"><div class=\"et_pb_portfolio_image landscape\"><img loading=\"lazy\" decoding=\"async\" src=\"https:\/\/www.graphicsdp.com\/wp-content\/uploads\/2026\/04\/impresiondigital_graphicsdp.com_-510x382.jpg\" class=\"wp-image-715\" alt=\"Impresi\u00f3n digital a gran formato, porta pend\u00f3n tipo ara\u00f1a evento FICICA 2025\" title=\"Impresi\u00f3n digital a gran formato, porta pend\u00f3n tipo ara\u00f1a evento FICICA 2025\" width=\"510\" height=\"382\" srcset=\"https:\/\/www.graphicsdp.com\/wp-content\/uploads\/2026\/04\/impresiondigital_graphicsdp.com_.jpg 479w, https:\/\/www.graphicsdp.com\/wp-content\/uploads\/2026\/04\/impresiondigital_graphicsdp.com_-510x382.jpg 480w\" sizes=\"(max-width:479px) 479px, 100vw\" \/><div class=\"meta\"><a href=\"https:\/\/www.graphicsdp.com\/index.php\/project\/impresion-digital-a-gran-formato-porta-pendon-tipo-arana-evento-ficica-2025\/\"><span class=\"et_overlay\" data-icon-tablet=\"\" data-icon-phone=\"\" data-icon-sticky=\"\"><\/span><h3 class=\"et_pb_module_header\">Impresi\u00f3n digital a gran formato, porta pend\u00f3n tipo ara\u00f1a evento FICICA 2025<\/h3><p class=\"post-meta\">April 13, 2026<\/p><\/a><\/div><\/div><\/div><div class=\"et_pb_fullwidth_portfolio_item_0_18 et_pb_portfolio_item et_pb_grid_item post-709 project type-project status-publish has-post-thumbnail hentry project_category-imagen-corporativa project_category-senalizacion\" id=\"709\"><div class=\"et_pb_portfolio_image landscape\"><img loading=\"lazy\" decoding=\"async\" src=\"https:\/\/www.graphicsdp.com\/wp-content\/uploads\/2026\/04\/calendarioscreativos_barranquilla_graphicsdp.com_-510x382.jpg\" class=\"wp-image-712\" alt=\"Calendarios creativos Nutr\u00edmedicall\" title=\"Calendarios creativos Nutr\u00edmedicall\" width=\"510\" height=\"382\" srcset=\"https:\/\/www.graphicsdp.com\/wp-content\/uploads\/2026\/04\/calendarioscreativos_barranquilla_graphicsdp.com_.jpg 479w, https:\/\/www.graphicsdp.com\/wp-content\/uploads\/2026\/04\/calendarioscreativos_barranquilla_graphicsdp.com_-510x382.jpg 480w\" sizes=\"(max-width:479px) 479px, 100vw\" \/><div class=\"meta\"><a href=\"https:\/\/www.graphicsdp.com\/index.php\/project\/calendarios-creativos-nutrimedicall\/\"><span class=\"et_overlay\" data-icon-tablet=\"\" data-icon-phone=\"\" data-icon-sticky=\"\"><\/span><h3 class=\"et_pb_module_header\">Calendarios creativos Nutr\u00edmedicall<\/h3><p class=\"post-meta\">April 13, 2026<\/p><\/a><\/div><\/div><\/div><div class=\"et_pb_fullwidth_portfolio_item_0_19 et_pb_portfolio_item et_pb_grid_item post-706 project type-project status-publish has-post-thumbnail hentry project_category-senalizacion\" id=\"706\"><div class=\"et_pb_portfolio_image landscape\"><img loading=\"lazy\" decoding=\"async\" src=\"https:\/\/www.graphicsdp.com\/wp-content\/uploads\/2026\/04\/habladordemesa_graphicsdp.com_-510x382.jpg\" class=\"wp-image-707\" alt=\"Hermoso Hablador de mesa porta tarjetas de presentaci\u00f3n, para QRs empresariales!!\u00a0\" title=\"Hermoso Hablador de mesa porta tarjetas de presentaci\u00f3n, para QRs empresariales!!\u00a0\" width=\"510\" height=\"382\" srcset=\"https:\/\/www.graphicsdp.com\/wp-content\/uploads\/2026\/04\/habladordemesa_graphicsdp.com_.jpg 479w, https:\/\/www.graphicsdp.com\/wp-content\/uploads\/2026\/04\/habladordemesa_graphicsdp.com_-510x382.jpg 480w\" sizes=\"(max-width:479px) 479px, 100vw\" \/><div class=\"meta\"><a href=\"https:\/\/www.graphicsdp.com\/index.php\/project\/hermoso-hablador-de-mesa-porta-tarjetas-de-presentacion-para-qrs-empresariales\/\"><span class=\"et_overlay\" data-icon-tablet=\"\" data-icon-phone=\"\" data-icon-sticky=\"\"><\/span><h3 class=\"et_pb_module_header\">Hermoso Hablador de mesa porta tarjetas de presentaci\u00f3n, para QRs empresariales!!\u00a0<\/h3><p class=\"post-meta\">April 13, 2026<\/p><\/a><\/div><\/div><\/div><div class=\"et_pb_fullwidth_portfolio_item_0_20 et_pb_portfolio_item et_pb_grid_item post-701 project type-project status-publish has-post-thumbnail hentry project_category-gran-formato project_category-imagen-corporativa project_category-impresion-digital project_category-vinilo-adhesivo\" id=\"701\"><div class=\"et_pb_portfolio_image landscape\"><img loading=\"lazy\" decoding=\"async\" src=\"https:\/\/www.graphicsdp.com\/wp-content\/uploads\/2026\/04\/Decoracion-fachada-en-microperforado-registraduria-naciona-graphicsdp.com_-510x382.jpg\" class=\"wp-image-702\" alt=\"Decoraci\u00f3n fachada en microperforado registraduria nacional\" title=\"Decoraci\u00f3n fachada en microperforado registraduria nacional\" width=\"510\" height=\"382\" srcset=\"https:\/\/www.graphicsdp.com\/wp-content\/uploads\/2026\/04\/Decoracion-fachada-en-microperforado-registraduria-naciona-graphicsdp.com_.jpg 479w, https:\/\/www.graphicsdp.com\/wp-content\/uploads\/2026\/04\/Decoracion-fachada-en-microperforado-registraduria-naciona-graphicsdp.com_-510x382.jpg 480w\" sizes=\"(max-width:479px) 479px, 100vw\" \/><div class=\"meta\"><a href=\"https:\/\/www.graphicsdp.com\/index.php\/project\/decoracion-fachada-en-microperforado-registraduria-nacional\/\"><span class=\"et_overlay\" data-icon-tablet=\"\" data-icon-phone=\"\" data-icon-sticky=\"\"><\/span><h3 class=\"et_pb_module_header\">Decoraci\u00f3n fachada en microperforado registraduria nacional<\/h3><p class=\"post-meta\">April 13, 2026<\/p><\/a><\/div><\/div><\/div><\/div><\/div>\n<\/div>","protected":false},"excerpt":{"rendered":"","protected":false},"author":1,"featured_media":0,"parent":0,"menu_order":0,"comment_status":"closed","ping_status":"closed","template":"","meta":{"_joinchat":[],"footnotes":""},"class_list":["post-276","page","type-page","status-publish","hentry"],"_links":{"self":[{"href":"https:\/\/www.graphicsdp.com\/index.php\/wp-json\/wp\/v2\/pages\/276","targetHints":{"allow":["GET"]}}],"collection":[{"href":"https:\/\/www.graphicsdp.com\/index.php\/wp-json\/wp\/v2\/pages"}],"about":[{"href":"https:\/\/www.graphicsdp.com\/index.php\/wp-json\/wp\/v2\/types\/page"}],"author":[{"embeddable":true,"href":"https:\/\/www.graphicsdp.com\/index.php\/wp-json\/wp\/v2\/users\/1"}],"replies":[{"embeddable":true,"href":"https:\/\/www.graphicsdp.com\/index.php\/wp-json\/wp\/v2\/comments?post=276"}],"version-history":[{"count":18,"href":"https:\/\/www.graphicsdp.com\/index.php\/wp-json\/wp\/v2\/pages\/276\/revisions"}],"predecessor-version":[{"id":775,"href":"https:\/\/www.graphicsdp.com\/index.php\/wp-json\/wp\/v2\/pages\/276\/revisions\/775"}],"wp:attachment":[{"href":"https:\/\/www.graphicsdp.com\/index.php\/wp-json\/wp\/v2\/media?parent=276"}],"curies":[{"name":"wp","href":"https:\/\/api.w.org\/{rel}","templated":true}]}}